{"id":100,"date":"2016-08-10T15:26:59","date_gmt":"2016-08-10T15:26:59","guid":{"rendered":"http:\/\/localhost\/wordpress\/event\/?page_id=100"},"modified":"2018-07-20T13:25:14","modified_gmt":"2018-07-20T16:25:14","slug":"lindomar-albuquerque","status":"publish","type":"page","link":"https:\/\/claec.org\/semlacult\/2018-2\/conferencias\/lindomar-albuquerque\/","title":{"rendered":"LINDOMAR ALBUQUERQUE"},"content":{"rendered":"<h4><strong>Confer\u00eancia Especial:<\/strong><strong> Fronteiras, mobilidades e identidades (27\/09 \u2013 19:00 \u2013 Unila Jardim Universit\u00e1rio)<\/strong><\/h4>\n<p><img fetchpriority=\"high\" decoding=\"async\" class=\"aligncenter wp-image-1353 size-large\" src=\"https:\/\/claec.org\/semlacult\/wp-content\/uploads\/sites\/7\/2018\/05\/Confer\u00eancia-Especial-1024x724.jpg\" alt=\"Confer\u00eancia-Especial\" width=\"790\" height=\"559\" srcset=\"https:\/\/claec.org\/semlacult\/wp-content\/uploads\/sites\/7\/2018\/05\/Confer\u00eancia-Especial-1024x724.jpg 1024w, https:\/\/claec.org\/semlacult\/wp-content\/uploads\/sites\/7\/2018\/05\/Confer\u00eancia-Especial-300x212.jpg 300w, https:\/\/claec.org\/semlacult\/wp-content\/uploads\/sites\/7\/2018\/05\/Confer\u00eancia-Especial-768x543.jpg 768w, https:\/\/claec.org\/semlacult\/wp-content\/uploads\/sites\/7\/2018\/05\/Confer\u00eancia-Especial.jpg 1654w\" sizes=\"(max-width: 790px) 100vw, 790px\" \/><\/p>\n<blockquote><p><strong>Resumo da Confer\u00eancia:<\/strong><\/p>\n<div dir=\"auto\"><\/div>\n<\/blockquote>\n<div dir=\"auto\"><strong>Curr\u00edculo do conferencista:<\/strong><\/div>\n<div dir=\"auto\" style=\"text-align: justify;\">Possui gradua\u00e7\u00e3o em Ci\u00eancias Sociais pela Universidade Federal do Cear\u00e1 (1997), mestrado em Sociologia pela Universidade Federal do Cear\u00e1 (2000) e doutorado em Sociologia pela Universidade Federal do Cear\u00e1 (2005). Participou do programa de p\u00f3s-doutorado do CEBRAP (Forma\u00e7\u00e3o de Novos Quadros Profissionais 2006-2007). Atualmente \u00e9 professor adjunto de Sociologia do curso de Ci\u00eancias Sociais, da Universidade Federal de S\u00e3o Paulo (UNIFESP). Tem experi\u00eancia na \u00e1rea de Sociologia, com \u00eanfase em Sociologia Pol\u00edtica, atuando principalmente nos seguintes temas: empres\u00e1rios, estado, migra\u00e7\u00e3o, identidade, na\u00e7\u00e3o e fronteiras.<\/div>\n","protected":false},"excerpt":{"rendered":"<p>Confer\u00eancia Especial: Fronteiras, mobilidades e identidades (27\/09 \u2013 19:00 \u2013 Unila Jardim Universit\u00e1rio) Resumo da Confer\u00eancia: Curr\u00edculo do conferencista: Possui&hellip; <\/p>\n","protected":false},"author":6,"featured_media":857,"parent":1113,"menu_order":0,"comment_status":"closed","ping_status":"closed","template":"","meta":{"_monsterinsights_skip_tracking":false,"_monsterinsights_sitenote_active":false,"_monsterinsights_sitenote_note":"","_monsterinsights_sitenote_category":0,"footnotes":""},"class_list":["post-100","page","type-page","status-publish","has-post-thumbnail","hentry"],"_links":{"self":[{"href":"https:\/\/claec.org\/semlacult\/wp-json\/wp\/v2\/pages\/100","targetHints":{"allow":["GET"]}}],"collection":[{"href":"https:\/\/claec.org\/semlacult\/wp-json\/wp\/v2\/pages"}],"about":[{"href":"https:\/\/claec.org\/semlacult\/wp-json\/wp\/v2\/types\/page"}],"author":[{"embeddable":true,"href":"https:\/\/claec.org\/semlacult\/wp-json\/wp\/v2\/users\/6"}],"replies":[{"embeddable":true,"href":"https:\/\/claec.org\/semlacult\/wp-json\/wp\/v2\/comments?post=100"}],"version-history":[{"count":14,"href":"https:\/\/claec.org\/semlacult\/wp-json\/wp\/v2\/pages\/100\/revisions"}],"predecessor-version":[{"id":1355,"href":"https:\/\/claec.org\/semlacult\/wp-json\/wp\/v2\/pages\/100\/revisions\/1355"}],"up":[{"embeddable":true,"href":"https:\/\/claec.org\/semlacult\/wp-json\/wp\/v2\/pages\/1113"}],"wp:featuredmedia":[{"embeddable":true,"href":"https:\/\/claec.org\/semlacult\/wp-json\/wp\/v2\/media\/857"}],"wp:attachment":[{"href":"https:\/\/claec.org\/semlacult\/wp-json\/wp\/v2\/media?parent=100"}],"curies":[{"name":"wp","href":"https:\/\/api.w.org\/{rel}","templated":true}]}}