{"id":39,"date":"2016-06-30T06:09:21","date_gmt":"2016-06-30T09:09:21","guid":{"rendered":"http:\/\/claec.org\/elacult\/?page_id=39"},"modified":"2024-07-17T17:53:58","modified_gmt":"2024-07-17T20:53:58","slug":"conselho-academico","status":"publish","type":"page","link":"https:\/\/claec.org\/elacult\/sobre\/conselho-academico\/","title":{"rendered":"Conselho Acad\u00eamico"},"content":{"rendered":"<h5 style=\"text-align: justify;\">Clique no nome para acessar o curr\u00edculo.<\/h5>\n<h5><strong><a href=\"http:\/\/claec.org\/wp-content\/uploads\/2016\/06\/Ahtziri-Molina.pdf\" target=\"_blank\" rel=\"noopener\">Ahtziri Erendira Molina Rold\u00e1n<\/a>\u00a0(M\u00e9xico)<\/strong><\/h5>\n<blockquote>\n<p style=\"text-align: justify;\">Possui gradua\u00e7\u00e3o em Sociologia pela Universidad Nacional Aut\u00f3noma de M\u00e9xico &#8211; UNAM, Doutorado em Sociologia pela University of York e P\u00f3s-Doutorado em Ci\u00eancias Sociais pelo Instituto de Investigaciones Sociales da UNAM. Atualmente \u00e9 professora do Centro de Estudos em Artes da Universidad Veracruzana, membro do\u00a0Seminario de Investigaci\u00f3n en Gesti\u00f3n Cultural de la Universidad Veracruzana e lider de la investigaci\u00f3n en marcha: Tercera Funci\u00f3n Sustantiva Universitaria y su pertinencia regional. Pesquisa temas como gest\u00e3o cultural, pol\u00edticas culturais e extens\u00e3o universit\u00e1ria.<\/p>\n<\/blockquote>\n<h5 style=\"text-align: justify;\"><\/h5>\n<h5 style=\"text-align: justify;\"><\/h5>\n<h5><strong><a href=\"http:\/\/lattes.cnpq.br\/8991559889784246\">Bruno C\u00e9sar Alves Marcelino<\/a> (Brasil) &#8211; PRESIDENTE<\/strong><\/h5>\n<blockquote>\n<p style=\"text-align: justify;\">Fundador e Diretor-Presidente do Centro Latino-Americano de Estudos em Cultura (CLAEC, Brasil) desde 2015, atuando tamb\u00e9m como Pesquisador Associado. CEO da Scientia International desde 2023, uma iniciativa que visa \u00e0 difus\u00e3o global do conhecimento cient\u00edfico. Doutorando em Estudos Sociais Interdisciplin\u00e1rios de Europa e Am\u00e9rica Latina (2019-2024), ofertado de forma binacional pela Facultad de Humanidades y Ciencias de la Educaci\u00f3n da Universidad Nacional de La Plata (UNLP, Argentina) e pelo Institut f\u00fcr Politik- und Verwaltungswissenschaften da Universit\u00e4t Rostock (Uni Rostock, Alemanha) em cotutela com o Doutorado em Ci\u00eancia Pol\u00edtica (2022-2024) da Universidade de S\u00e3o Paulo (USP, Brasil), com bolsa de pesquisa do Consejo Nacional de Investigaciones Cient\u00edficas y T\u00e9cnicas (2020-2026) (CONICET, Argentina) e aux\u00edlio financeiro do Centro Universit\u00e1rio Argentino-Alem\u00e3o (2019) (CUAA-DAHZ, Argentina). Mestre em Integra\u00e7\u00e3o Contempor\u00e2nea da Am\u00e9rica Latina (2016-2018), pelo Instituto Latino-Americano de Economia, Sociedade e Pol\u00edtica &#8211; ILAESP da Universidade Federal da Integra\u00e7\u00e3o Latino-Americana (UNILA, Brasil). Bacharel em Produ\u00e7\u00e3o e Pol\u00edtica Cultural (2012-2015) pela Universidade Federal do Pampa (UNIPAMPA, Brasil). Editor-chefe da Editora CLAEC e da RELACult &#8211; Revista Latino-Americana de Estudos em Cultura e Sociedade (Qualis\/CAPES &#8211; B1), organizador das edi\u00e7\u00f5es do livro Dossi\u00ea Cultura em Foco, Presidente do Conselho Acad\u00eamico da Escola Latino-Americana de Altos Estudos em Cultura &#8211; ELACult. Membro da Linha de Pesquisa Din\u00e2micas socioterritoriais e culturais da\/na Am\u00e9rica Latina do CLAEC. Pesquisador Visitante no Instituto Universitario de Investigaci\u00f3n en Estudios Latinoamericanos (IELAT) da Universidad de Alcal\u00e1 (UAH, Espanha) (2023-2024); no N\u00facleo de Pesquisa em Rela\u00e7\u00f5es Internacionais &#8211; NUPRI da USP (2022-2024) e no Ibero-Amerikanisches Institut (IAI, Alemanha) (2019 e 2023). Tem experi\u00eancia e interesse nas \u00e1reas de estudos culturais em regi\u00f5es de fronteira; integra\u00e7\u00e3o cultural latino-americana; movimentos sociais e pol\u00edticas p\u00fablicas; pol\u00edticas culturais e produ\u00e7\u00e3o e gest\u00e3o cultural..<\/p>\n<\/blockquote>\n<h5 style=\"text-align: justify;\"><\/h5>\n<h5 style=\"text-align: justify;\"><\/h5>\n<h5 style=\"text-align: justify;\"><strong><a href=\"http:\/\/lattes.cnpq.br\/6545283027670184\" target=\"_blank\" rel=\"noopener\">Denise Rosana da Silva Moraes<\/a>\u00a0(Brasil)<\/strong><\/h5>\n<blockquote>\n<p style=\"text-align: justify;\">Possui gradua\u00e7\u00e3o em Pedagogia pela Universidade Estadual do Oeste do Paran\u00e1 (1991) Mestrado em Educa\u00e7\u00e3o pela Universidade Estadual de Maring\u00e1 (2006). Est\u00e1gio de doutorado sandwich na Universidade Cat\u00f3lica Portuguesa UCP\/Lisboa\/Portugal \u2013 (2012) Doutorado em Educa\u00e7\u00e3o pela Universidade Estadual de Maring\u00e1 (2013). Professora Adjunta da Universidade Estadual do Oeste do Paran\u00e1. UNIOESTE \u2013 Centro de Educa\u00e7\u00e3o, Letras e Sa\u00fade -Campus de Foz do Igua\u00e7u. Docente do Curso de Pedagogia do Mestrado e Doutorado Acad\u00eamico Interdisciplinar em Sociedade, Culturas e Fronteira. Experi\u00eancia na \u00e1rea de Educa\u00e7\u00e3o, Tecnologias e M\u00eddias; Forma\u00e7\u00e3o inicial e continuada de professores\/as \u2013 Did\u00e1tica \u2013 Pr\u00e1tica de Ensino \u2013 Avalia\u00e7\u00e3o e gest\u00e3o educacional.<\/p>\n<\/blockquote>\n<h5 style=\"text-align: justify;\"><\/h5>\n<h5 style=\"text-align: justify;\"><strong><a href=\"http:\/\/lattes.cnpq.br\/4553045854764994\">F\u00e1bio do Vale<\/a> (Brasil)<\/strong><\/h5>\n<blockquote>\n<p style=\"text-align: justify;\">P\u00f3s-doutor em Estudos de Linguagem pela UFMS e P\u00f3s-doutorando USP e UFSC. Membro efetivo da Academia Sul-Mato-Grossense de Letras, cadeira n 14. Professor Doutor em Estudos de Linguagens pelo PPGEL\/FAALC &#8211; Faculdade de Artes, Letras e Comunica\u00e7\u00e3o &#8211; UFMS. Coordenador de Pesquisa e Inicia\u00e7\u00e3o Cient\u00edfica da Faculdade Insted e Editor-Chefe da RECAM &#8211; Revista Camalotes. Possui o curso da Escola Superior de Controle Externo EaD &#8211; Tribunal de Contas de MS, ESCOEX. Graduado em Letras e Pedagogia. Colunista no site Campo Grande Not\u00edcias. Membro associado da ABRALIC &#8211; Associa\u00e7\u00e3o Brasileira de Literatura Comparada. Professor dos segmentos: universit\u00e1rio, pr\u00e9-vestibular e colegial. Membro do N\u00facleo de Estudos Culturais Comparados NECC\/UFMS. Professor de L\u00edngua Espanhola. Membro do NAV(r)E &#8211; N\u00facleo de Artes Visuais em (re)Verifica\u00e7\u00f5es Epistemol\u00f3gicas &#8211; UEMS\/CNPq. Mestre em Letras pela UEMS &#8211; Universidade Estadual de Mato Grosso do Sul. Atua nas \u00e1reas de Literatura Comparada, Estudos de Linguagens, Linguagem e Ensino, Am\u00e9rica Latina, Educa\u00e7\u00e3o e Estudos Culturais. P\u00f3s-Graduado em: Tecnologias e Educa\u00e7\u00e3o a Dist\u00e2ncia, Doc\u00eancia no Ensino Superior; Educa\u00e7\u00e3o Especial (TGD) Transtornos Globais de Desenvolvimento e Altas Habilidades\/Superdota\u00e7\u00e3o e em Neuropsicopedagogia. Na Uni\u00e3o Brasileira de Escritores de Mato Grosso do Sul, foi Diretor de Cultura no mandato 2018\/2021 UBE-MS. A convite do Vaticano participou presencialmente do Congresso do CELAM sediado em Bogot\u00e1 &#8211; Col\u00f4mbia, com o encontro: &#8220;A linguagem simb\u00f3lica da cultura popular&#8221; que reuniu as tr\u00eas Am\u00e9ricas na capital colombiana de 26 a 30 de novembro de 2023. Contato: professorfabioletras@gmail.com.<\/p>\n<\/blockquote>\n<h5 style=\"text-align: justify;\"><strong><a href=\"http:\/\/lattes.cnpq.br\/6841932116717903\" target=\"_blank\" rel=\"noopener\">Francisco Xavier Freire Rodrigues<\/a>\u00a0<\/strong><strong>(Brasil)<\/strong><\/h5>\n<blockquote>\n<p style=\"text-align: justify;\">Professor Efetivo da Universidade Federal de Mato Grosso, Adjunto IV, lotado no Departamento de Sociologia e Ci\u00eancia Pol\u00edtica. Professor Permanente do Programa de P\u00f3s-Gradua\u00e7\u00e3o em Estudos de Cultura Contempor\u00e2nea \u2013 ECCO\/IL- UFMT. Doutor em Sociologia pela Universidade Federal do Rio Grande do Sul (2007), Mestre em Sociologia pela Universidade Federal do Rio Grande do Sul (2003), Bacharel em Ci\u00eancias Sociais pela Universidade do Estado do Rio Grande do Norte (2000). Coordenador do Curso de Licenciatura em Ci\u00eancias Sociais da Universidade Federal de Mato Grosso. Coordenador do Subprojeto PIBID Sociologia\/Ci\u00eancias Sociais \u2013 UFMT. Coordenador do GT Sociologia do Esporte da Sociedade Brasileira de Sociologia. L\u00edder do Grupo de Estudos e Pesquisas em Esporte, Cultura e Sociedade (GEPECS) CNPq\/UFMT. Tem experi\u00eancias em atividades de ensino, pesquisa e extens\u00e3o na \u00e1rea de Sociologia da Educa\u00e7\u00e3o. Leciona Sociologia da Educa\u00e7\u00e3o para os cursos de Licenciatura em Ci\u00eancias Sociais e de Hist\u00f3ria. Trabalha com as seguintes disciplinas: Sociologia I, Sociologia V, Sociologia da Cultura, Sociologia da Comunica\u00e7\u00e3o, Sociologia Urbana. Tem experi\u00eancia na \u00e1rea de Teoria Sociol\u00f3gica Cl\u00e1ssica e Contempor\u00e2nea, Sociologia Urbana, Sociologia da Educa\u00e7\u00e3o, Sociologia do Esporte, Sociologia do Trabalho. Suas Pesquisas abrangem os seguintes temas: ensino de sociologia, forma\u00e7\u00e3o de professores, cultura brasileira, pensamento social, megaeventos esportivos, etno-desporto ind\u00edgena, rela\u00e7\u00f5es de trabalho, modernidade, futebol ind\u00edgena, tr\u00e2nsito em Cuiab\u00e1\/MT, futebol brasileiro, civiliza\u00e7\u00e3o, Lei Pel\u00e9, mercado de trabalho no futebol.<\/p>\n<\/blockquote>\n<h5 style=\"text-align: justify;\"><strong><a href=\"http:\/\/lattes.cnpq.br\/2149468612464993\" target=\"_blank\" rel=\"noopener\">Isabel Cristina Chaves Lopes<\/a>\u00a0(Brasil)<\/strong><\/h5>\n<blockquote>\n<p style=\"text-align: justify;\">Prof\u00aa Adjunta IV (D.E.) da Universidade Federal Fluminense. Doutora em Servi\u00e7o Social: Servi\u00e7o Social, fundamentos e pr\u00e1tica profissional, pelo Programa de Estudos P\u00f3s-graduados em Servi\u00e7o Social da PUC\/SP (2014). Mestre em Servi\u00e7o Social, pol\u00edtica social e trabalho pela UERJ (2002). Especialista em Servi\u00e7o Social Contempor\u00e2neo pela UFF\/ESR\/SSC (1996). Graduada em Servi\u00e7o Social pela UFF\/ESR\/SSC (1989). Coordenadora do Nediger (N\u00facleo de Estudos sobre \u00c9tica e Diversidade de G\u00eanero, Etnia e Racismo) e do Nucems (N\u00facleo de Estudos sobre Cultura, Educa\u00e7\u00e3o e Movimentos Sociais) ambos da UFF\/PUCG\/SSC . Experi\u00eancia e interesse nos seguintes temas: Interven\u00e7\u00e3o Profissional do Servi\u00e7o Social; Pol\u00edtica Social para a inf\u00e2ncia e adolesc\u00eancia;Educa\u00e7\u00e3o e Servi\u00e7o Social; Cultura e movimentos sociais; Direitos Humanos; Educa\u00e7\u00e3o e comunica\u00e7\u00e3o pela rede social digital; Arte como media\u00e7\u00e3o pol\u00edtica; Mobiliza\u00e7\u00e3o e organiza\u00e7\u00e3o comunit\u00e1ria de mulheres de comunidades de baixa-renda.<\/p>\n<\/blockquote>\n<h5 style=\"text-align: justify;\"><\/h5>\n<h5 style=\"text-align: justify;\"><\/h5>\n<h5 style=\"text-align: justify;\"><strong><a href=\"http:\/\/lattes.cnpq.br\/3912278759228410\" target=\"_blank\" rel=\"noopener\">Ludmila de Lima Brand\u00e3o<\/a>\u00a0<\/strong><strong>(Brasil)<\/strong><\/h5>\n<blockquote>\n<p style=\"text-align: justify;\">Gradua\u00e7\u00e3o em Arquitetura e Urbanismo pela Universidade Federal Fluminense (1982), gradua\u00e7\u00e3o em Hist\u00f3ria pela Universidade Federal de Mato Grosso (1995), mestrado em Educa\u00e7\u00e3o pela Universidade Federal de Mato Grosso (1993) e doutorado em Comunica\u00e7\u00e3o e Semi\u00f3tica pela Pontif\u00edcia Universidade Cat\u00f3lica de S\u00e3o Paulo (1999). P\u00f3s-doutorado (2004-2005) na Universit\u00e9 d\u2019Ottawa (Canada), com bolsa CAPES, na \u00e1rea de Cr\u00edtica da Cultura. \u00c9 Coordenadora da Pr\u00f3-Reitoria de Ensino de P\u00f3s-Gradua\u00e7\u00e3o da UFMT. Professora Titular da Universidade Federal de Mato Grosso. Fundadora e primeira Coordenadora do Programa de P\u00f3s-Gradua\u00e7\u00e3o em Estudos de Cultura Contempor\u00e2nea \u2013 \u00c1rea Interdisciplinar \/ Mestrado e Doutorado nota 4 \u2013 da UFMT (2008-2011). Fundadora e primeira Coordenadora da Rede CO3 (Rede Centro Oeste de Ensino e Pesquisa em Arte, Cultura e Tecnologias Contempor\u00e2neas) (2010-2012) que re\u00fane pesquisadores de programas de p\u00f3s-gradua\u00e7\u00e3o da UFMT, UnB, UFG, UFGD, UFMS e UFU. \u00c9 l\u00edder do N\u00facleo de Estudos do Contempor\u00e2neo (UFMT\/CNPq). Coordena PNPD Institucional\/CAPES intitulado \u201cArtes Visuais em Mato Grosso: acervo, difus\u00e3o e cr\u00edtica\u201d. Coordena projeto financiado pelo MinC intitulado \u201cTerrit\u00f3rios Criativos Ind\u00edgenas: arte e sustentabilidade\u201d. \u00c9 membro da Associa\u00e7\u00e3o Brasileira de Cr\u00edticos de Arte \u2013 ABCA e Curadora do Museu de Arte e Cultura Popular da UFMT (MACP\/UFMT). Atua no campo da An\u00e1lise e da Cr\u00edtica Cultural, da Cr\u00edtica de Arte, no debate sobre a \u201ccontemporaneidade\u201d, a colonialidade do saber e da arte, abordando especialmente os t\u00f3picos: arte, cidade, subjetividades, subalternidade e resist\u00eancia. Principal publica\u00e7\u00e3o: A Casa Subjetiva: mat\u00e9rias, afectos e espa\u00e7os dom\u00e9sticos (S\u00e3o Paulo: Perspectiva, 2008, 1 reimpress\u00e3o).<\/p>\n<\/blockquote>\n<h5 style=\"text-align: justify;\"><strong><a href=\"https:\/\/www.linkedin.com\/in\/marcochavez\" target=\"_blank\" rel=\"noopener\">Marco Antonio Ch\u00e1vez Aguayo<\/a>\u00a0(M\u00e9xico)<\/strong><\/h5>\n<blockquote>\n<p style=\"text-align: justify;\">Graduado em Psicologia pela Universidad Jesuita de Guadalajara \u2013 ITESO\/M\u00e9xico, Mestrado em Estudos Comparados de Literatura, Arte e Pensamento pela Universidad Pompeu Fabra\/Espanha, Mestrado e Doutorado em Gest\u00e3o Cultural pela Universitat de Barcelona\/Espanha, P\u00f3s-Doutorado em Gest\u00e3o Cultural pela Universidad de Guadalajara, com bolsa do CONACYT\/M\u00e9xico. Realizou per\u00edodos de investiga\u00e7\u00e3o na Universidade de Glasgow\/Reino Unido, Universidad de Guadalajara, Universidad del Egeo\/Grecia, Universidad Aut\u00f3noma de Barcelona\/Espa\u00f1a e Universidad Deakin\/Australia. \u00c9\u00a0membro do Sistema Nacional de Investigadores\/M\u00e9xico, do Consejo Internacional de Monumentos y Sitios (ICOMOS) e do Consejo Internacional de Museos (ICOM). \u00c9 investigador associado e membro do conselho editorial e do comit\u00ea cient\u00edfico do Centro Latino-Americano de Estudos em Cultura (CLAEC). Possu\u00ed as distin\u00e7\u00f5es de Chartered Scientist pelo Conselho de Ci\u00eancia do Reino Unido e Associate Fellow y Chartered Psychologist pela Sociedade Psicol\u00f3gica Brit\u00e2nica. \u00c9\u00a0conselheiro da Secretaria de Cultura de Jalisco. Foi impulsor e redator da reforma constitucional de Jalisco para a incorpora\u00e7\u00e3o do Direito \u00e0 Cultura e os direitos culturais, bem como da lei estatal de Patrim\u00f4nio Cultural.\u00a0\u00c9 Diretor da Revista de Investiga\u00e7\u00e3o em Gest\u00e3o Cultural \u2013 C\u00f3rima, Professor Investigador Titular &#8220;A&#8221; da Universidad de Guadalajara e pesquisa temas como patrim\u00f4nio cultural, legisla\u00e7\u00e3o cultural e pol\u00edticas culturais.<\/p>\n<\/blockquote>\n<h5 style=\"text-align: justify;\"><\/h5>\n<h5 style=\"text-align: justify;\"><strong><a href=\"http:\/\/www.cim.unr.edu.ar\/miembro\/14\/sandra-valdettaro\" target=\"_blank\" rel=\"noopener\">Sandra Catalina Valdettaro<\/a>\u00a0(Argentina)<\/strong><\/h5>\n<blockquote>\n<p style=\"text-align: justify;\">Graduada em Comunica\u00e7\u00e3o pela Universidad Nacional de Ros\u00e1rio \u2013 UNR\/Argentina, Mestre em Ci\u00eancias Sociais pela Facultad Latinoamericana de Ciencias Sociales \u2013 FLACSO\/Argentina, Doutorado em Comunica\u00e7\u00e3o pela Universidad Nacional do Rosario. Professora e investigadora na Universidad Nacional de Ros\u00e1rio e tamb\u00e9m \u00e9 Diretora do mestrado em Estudos Culturais, atua com pesquisa nas \u00e1reas de comunica\u00e7\u00e3o, estudos culturais e semi\u00f3tica.<\/p>\n<\/blockquote>\n<h5 style=\"text-align: justify;\"><\/h5>\n<h5 style=\"text-align: justify;\"><strong><a href=\"http:\/\/buscadores.anii.org.uy\/buscador_sni\/exportador\/ExportarPdf?hash=626b04e75c89aa1e3c94dc6e026fa7b8\" target=\"_blank\" rel=\"noopener\">Susana Dominza\u00edn<\/a>\u00a0(Uruguai)<\/strong><\/h5>\n<blockquote>\n<p style=\"text-align: justify;\">Doutorado em Ci\u00eancias Sociais pela\u00a0Universidad Nacional General Sarmiento\/Argentina, mestre em Hist\u00f3ria pela\u00a0Unviersit\u00e9 Par\u00eds VII &#8211; Jussieu\/Francia e graduada em Ci\u00eancias Hist\u00f3ricas pela\u00a0Facultad de Humanidades y Ciencias de la Educaci\u00f3n, Universidad de la Rep\u00fablica\/Uruguay. Professora Adjunta (Grado 3 Titular), membro do\u00a0Centro de Estudios Interdisciplianrios Latinoamericanos e Diretora do Observatorio Universitario de Pol\u00edticas Culturales da\u00a0Facultad de Humanidades y Ciencias de la Educaci\u00f3n, Universidad de la Rep\u00fablica\/Uruguay. Pesquisa temas como: Estudos culturais, hist\u00f3ria sociopol\u00edtica, estudos de g\u00eanero e hist\u00f3ria social.<\/p>\n<\/blockquote>\n<h5 style=\"text-align: justify;\"><strong><a href=\"http:\/\/lattes.cnpq.br\/2393224245460974\" target=\"_blank\" rel=\"noopener\">Suzana Ferreira Paulino<\/a>\u00a0(Brasil)<\/strong><\/h5>\n<blockquote>\n<p style=\"text-align: justify;\">\u00c9 doutora em Letras (2015) na modalidade sandu\u00edche pela University of Birmingham (Inglaterra)\/Universidade Federal de Pernambuco e mestre em Letras &#8211; Lingu\u00edstica (2009) pela UFPE. Possui especializa\u00e7\u00e3o em Lingu\u00edstica Aplicada ao Ensino da L\u00edngua Inglesa (2004) pela UFPE e \u00e9 graduada em Letras (2002) pela mesma institui\u00e7\u00e3o de ensino superior. Foi professora substituta de l\u00edngua inglesa I, II (ingl\u00eas instrumental), III e IV na UFPE (2005-2007). Atualmente \u00e9 membro do N\u00facleo de P\u00f3s-Gradua\u00e7\u00e3o da FACIPE, consultora pedag\u00f3gica da Funda\u00e7\u00e3o Roberto Marinho, formadora de professores do Governo do Estado de Pernambuco, elaboradora de provas de vestibular em l\u00edngua portuguesa e corretora de reda\u00e7\u00f5es (ENEM e SMAR). Foi professora Assistente nos cursos de gradua\u00e7\u00e3o e p\u00f3s-gradua\u00e7\u00e3o em Doc\u00eancia do Ensino Superior da Faculdade SENAC e da p\u00f3s-gradua\u00e7\u00e3o da Faculdade Frassinette do Recife. Atuou como docente e foi coordenadora dos cursos de p\u00f3s-gradua\u00e7\u00e3o da FATEC e foi professora assistente de L\u00edngua Inglesa na Faculdade de Ci\u00eancias Humanas de Olinda &#8211; FACHO. Coordenadora e professora de cursos livres, idiomas, na FACIPE &#8211; Grupo Tiradentes.<\/p>\n<\/blockquote>\n<h5 style=\"text-align: justify;\"><\/h5>\n","protected":false},"excerpt":{"rendered":"<p>Clique no nome para acessar o curr\u00edculo. Ahtziri Erendira Molina Rold\u00e1n\u00a0(M\u00e9xico) Possui gradua\u00e7\u00e3o em Sociologia pela Universidad Nacional Aut\u00f3noma de M\u00e9xico &#8211; UNAM, Doutorado em Sociologia pela University of York e P\u00f3s-Doutorado em Ci\u00eancias Sociais pelo Instituto de Investigaciones Sociales da UNAM. Atualmente \u00e9 professora do Centro de Estudos em Artes da Universidad Veracruzana, membro [&hellip;]<\/p>\n","protected":false},"author":1,"featured_media":0,"parent":6,"menu_order":0,"comment_status":"closed","ping_status":"closed","template":"","meta":{"_monsterinsights_skip_tracking":false,"_monsterinsights_sitenote_active":false,"_monsterinsights_sitenote_note":"","_monsterinsights_sitenote_category":0,"footnotes":""},"class_list":["post-39","page","type-page","status-publish","hentry"],"_links":{"self":[{"href":"https:\/\/claec.org\/elacult\/wp-json\/wp\/v2\/pages\/39","targetHints":{"allow":["GET"]}}],"collection":[{"href":"https:\/\/claec.org\/elacult\/wp-json\/wp\/v2\/pages"}],"about":[{"href":"https:\/\/claec.org\/elacult\/wp-json\/wp\/v2\/types\/page"}],"author":[{"embeddable":true,"href":"https:\/\/claec.org\/elacult\/wp-json\/wp\/v2\/users\/1"}],"replies":[{"embeddable":true,"href":"https:\/\/claec.org\/elacult\/wp-json\/wp\/v2\/comments?post=39"}],"version-history":[{"count":5,"href":"https:\/\/claec.org\/elacult\/wp-json\/wp\/v2\/pages\/39\/revisions"}],"predecessor-version":[{"id":1567,"href":"https:\/\/claec.org\/elacult\/wp-json\/wp\/v2\/pages\/39\/revisions\/1567"}],"up":[{"embeddable":true,"href":"https:\/\/claec.org\/elacult\/wp-json\/wp\/v2\/pages\/6"}],"wp:attachment":[{"href":"https:\/\/claec.org\/elacult\/wp-json\/wp\/v2\/media?parent=39"}],"curies":[{"name":"wp","href":"https:\/\/api.w.org\/{rel}","templated":true}]}}