{"id":8,"date":"2016-06-27T00:14:50","date_gmt":"2016-06-27T03:14:50","guid":{"rendered":"http:\/\/claec.org\/editora\/?page_id=8"},"modified":"2025-09-13T20:38:15","modified_gmt":"2025-09-13T23:38:15","slug":"editora","status":"publish","type":"page","link":"https:\/\/claec.org\/editora\/editora\/","title":{"rendered":"Editora"},"content":{"rendered":"<p style=\"text-align: justify;\">A <strong>Editora CLAEC (Prefixo Editorial ISBN: 93548 e 86746 e Prefixo DOI: 10.23899)<\/strong>\u00a0\u00e9 respons\u00e1vel pelo recebimento e encaminhamento para editora\u00e7\u00e3o eletr\u00f4nica, produ\u00e7\u00e3o impressa ou digital e disponibiliza\u00e7\u00e3o e divulga\u00e7\u00e3o de livros acad\u00eamicos e art\u00edsticos do Centro Latino-Americano de Estudos em Cultura \u2013 CLAEC e de seus parceiros.<\/p>\n<p style=\"text-align: justify;\"><strong>Foco e Escopo<\/strong><\/p>\n<p style=\"text-align: justify;\">O objetivo central do <strong>CLAEC<\/strong> \u00e9 realizar estudos e an\u00e1lises de a\u00e7\u00f5es, projetos, programas e pol\u00edticas desenvolvidas na \u00e1rea da cultura entre os pa\u00edses que integram a am\u00e9rica latina, desta forma as contribui\u00e7\u00f5es acad\u00eamicas que ser\u00e3o disponibilizadas por meio deste portal, dever\u00e3o ter proximidade com o objetivo da organiza\u00e7\u00e3o.<\/p>\n<p style=\"text-align: justify;\"><strong>Processo de Avalia\u00e7\u00e3o<\/strong><\/p>\n<p style=\"text-align: justify;\">A publica\u00e7\u00e3o das produ\u00e7\u00f5es acad\u00eamicas e art\u00edsticas encaminhadas, est\u00e1 condicionada \u00e0 aprova\u00e7\u00e3o de pelo menos dois membros do Conselho Editorial do CLAEC ou de avaliadores Ad Hoc convidados por sua compet\u00eancia e saber em temas espec\u00edficos. Para a an\u00e1lise, emiss\u00e3o de parecer e aprova\u00e7\u00e3o das produ\u00e7\u00f5es apresentadas, s\u00e3o observados crit\u00e9rios de absoluta imparcialidade garantidos pela avalia\u00e7\u00e3o \u00e0s cegas e por pares, adequa\u00e7\u00e3o de formato e conte\u00fado, bem como rigor acad\u00eamico-cient\u00edfico-cultural. Para isso os pareceristas recebem os textos sem nenhuma identifica\u00e7\u00e3o de autoria e os autores, ao final do processo de an\u00e1lise, podem acessar as avalia\u00e7\u00f5es de seus textos, tamb\u00e9m sem identifica\u00e7\u00e3o dos pareceristas. A decis\u00e3o do Conselho e da Equipe Editorial sobre aprova\u00e7\u00e3o\/reprova\u00e7\u00e3o dos textos submetidos \u00e9 soberana, n\u00e3o cabendo recurso ao(s) autor(es) de trabalhos recusados.<\/p>\n<p style=\"text-align: justify;\">Caso o texto receba um parecer aprovado e outro rejeitado para publica\u00e7\u00e3o \u00e9 feito o encaminhamento a um terceiro parecerista que emite um ju\u00edzo definitivo sobre ele. O trabalho que receber um parecer aprovado com corre\u00e7\u00f5es e outro rejeitado para publica\u00e7\u00e3o sera rejeitado pelos editores. O texto que receber um parecer aprovado com corre\u00e7\u00f5es e outro aprovado para publica\u00e7\u00e3o, ou ainda, dois pareceres aprovado com corre\u00e7\u00f5es \u00e9 encaminhado ao autor para que providencie as altera\u00e7\u00f5es solicitadas pelos pareceristas. Os trabalhos n\u00e3o aceitos, n\u00e3o s\u00e3o devolvidos e o autor \u00e9 comunicado da decis\u00e3o. Os editores n\u00e3o assumem a responsabilidade por conceitos emitidos em textos assinados e mat\u00e9ria transcrita. Os editores se reservam o direito de: selecionar os textos para publica\u00e7\u00e3o; ouvir parecer de especialista para averiguar a qualidade do trabalho. A revis\u00e3o gramatical e ortogr\u00e1fica \u00e9 de responsabilidade do autor.<\/p>\n<hr \/>\n<p style=\"text-align: justify;\"><strong>Documentos:<\/strong><\/p>\n<p style=\"text-align: justify;\"><strong><a href=\"http:\/\/claec.org\/wp-content\/uploads\/2016\/06\/Resolu\u00e7\u00e3o-06-2016-Cria-a-Editora-CLAEC-Assinado.pdf\" target=\"_blank\" rel=\"noopener\">RESOLU\u00c7\u00c3O 06-2016 (Cria a Editora CLAEC) &#8211; REVOGADA<\/a><\/strong><\/p>\n<p style=\"text-align: justify;\"><strong><a href=\"https:\/\/claec.org\/editora\/wp-content\/uploads\/sites\/3\/2020\/04\/Resolu\u00e7\u00e3o-n\u00ba-02-2020-Altera-o-Regimento-e-Pol\u00edtica-Editorial.pdf\" target=\"_blank\" rel=\"noopener\">RESOLU\u00c7\u00c3O 02-2020 (Altera a Resolu\u00e7\u00e3o 006-2016 que cria a Editora CLAEC)<\/a><\/strong><\/p>\n<p><strong><a href=\"https:\/\/claec.org\/editora\/wp-content\/uploads\/sites\/3\/2020\/04\/Regimento-Interno-do-Conselho-Editorial-3\u00ba.pdf\" target=\"_blank\" rel=\"noopener\">REGIMENTO DO CONSELHO EDITORIAL<\/a><\/strong><\/p>\n<p><strong><a href=\"https:\/\/claec.org\/editora\/wp-content\/uploads\/sites\/3\/2020\/04\/Regulamento-Pol\u00edtica-Editorial-3\u00ba.pdf\" target=\"_blank\" rel=\"noopener\">REGULAMENTO POL\u00cdTICA EDITORIAL<\/a><\/strong><\/p>\n<p><strong><a href=\"http:\/\/claec.org\/wp-content\/uploads\/2016\/06\/Portaria-n\u00ba-03-2016-Nomea\u00e7\u00e3o-Conselho-Editorial_assinado.pdf\" target=\"_blank\" rel=\"noopener\">PORTARIA 03-2016 CLAEC (Nomea\u00e7\u00e3o do Comit\u00ea\u00a0Cient\u00edfico e\u00a0Conselho Editorial)<\/a><\/strong><\/p>\n<p><strong><a href=\"http:\/\/claec.org\/wp-content\/uploads\/2016\/06\/Portaria-n\u00ba-10-2016-Nomea\u00e7\u00e3o-Comit\u00ea-Cient\u00edfico-e-Conselho-Editorial-Assinado.pdf\" target=\"_blank\" rel=\"noopener\">PORTARIA 10-2016 CLAEC (Nomea\u00e7\u00e3o do Comit\u00ea\u00a0Cient\u00edfico e\u00a0Conselho Editorial)<\/a><\/strong><\/p>\n<p><strong><a href=\"http:\/\/claec.org\/editora\/wp-content\/uploads\/sites\/3\/2016\/06\/Portaria-n\u00ba-15-2016-Nomea\u00e7\u00e3o-Comit\u00ea-Cient\u00edfico-e-Conselho-Editorial-Assinado.pdf\" target=\"_blank\" rel=\"noopener\">PORTARIA 15-2016 CLAEC (Nomea\u00e7\u00e3o do Comit\u00ea\u00a0Cient\u00edfico e\u00a0Conselho Editorial)<\/a><\/strong><\/p>\n<p><strong><a href=\"https:\/\/claec.org\/editora\/wp-content\/uploads\/sites\/3\/2016\/06\/Portaria-n\u00ba-05-2017-Inclus\u00e3o-de-Editor-Assistente-Editora-CLAEC.pdf\" target=\"_blank\" rel=\"noopener\">PORTARIA 005-2017 CLAEC (Nomea\u00e7\u00e3o de Editor-Assistente)<\/a><\/strong><\/p>\n<p><a href=\"https:\/\/claec.org\/editora\/wp-content\/uploads\/sites\/3\/2020\/02\/Portaria-n\u00ba-05-2020-Nomea\u00e7\u00e3o-de-Editora-Chefe-Adjunta.pdf\"><strong>PORTARIA 005-2020 CLAEC (Nomea\u00e7\u00e3o de Editora-Chefe Adjunto) &#8211; REVOGADA<\/strong><\/a><\/p>\n<p><a href=\"https:\/\/claec.org\/editora\/wp-content\/uploads\/sites\/3\/2020\/02\/Portaria-n\u00ba-001-2020-Nomeia-Editores-Cadernos-CLAEC.pdf\"><strong>PORTARIA 001-2020\u00a0 Editora CLAEC (Nomeia editores do Cadernos de Pesquisa CLAEC)<\/strong><\/a><\/p>\n<p><a href=\"https:\/\/claec.org\/editora\/wp-content\/uploads\/sites\/3\/2020\/04\/Portaria-n\u00ba-002-2020-Nomeia-Editores-Assistentes.pdf\"><strong>PORTARIA 002-2020 Editora CLAEC (Nomea\u00e7\u00e3o de Editor-Assistente)<\/strong><\/a><\/p>\n<p><a href=\"https:\/\/claec.org\/editora\/wp-content\/uploads\/sites\/3\/2020\/05\/Portaria-n\u00ba-003-2020-Nomeia-Conselho-Editorial.pdf\"><strong>PORTARIA 003-2020 Editora CLAEC (Nomea\u00e7\u00e3o de Conselheiro Editorial)<\/strong><\/a><\/p>\n<p><a href=\"https:\/\/claec.org\/editora\/wp-content\/uploads\/sites\/3\/2020\/09\/Portaria-n\u00ba-004-2020-Nomeia-Editora-Assistente.pdf\"><strong>PORTARIA 004-2020 Editora CLAEC (Nomea\u00e7\u00e3o de Editora-Assistente)<\/strong><\/a><\/p>\n<p><a href=\"https:\/\/claec.org\/wp-content\/uploads\/2020\/10\/Portaria-n\u00ba-23-2020-Nomea\u00e7\u00e3o-de-Editor-Chefe-Adjunto-da-Editora-CLAEC.pdf\"><strong>PORTARIA 023-2020 CLAEC (Nomea\u00e7\u00e3o do Editor-Chefe Adjunto)<\/strong><\/a><\/p>\n<p><a href=\"https:\/\/claec.org\/editora\/wp-content\/uploads\/sites\/3\/2020\/11\/Portaria-n\u00ba-005-2020-Nomeia-Editores-Assistentes.pdf\"><strong>PORTARIA 005-2020 Editora CLAEC (Nomea\u00e7\u00e3o\u00a0 de Editores-Assistentes)<\/strong><\/a><\/p>\n<p><a href=\"https:\/\/claec.org\/editora\/wp-content\/uploads\/sites\/3\/2021\/03\/Portaria-no-001-2021-Exonera-Editores-Cadernos-CLAEC-Assinado.pdf\" target=\"_blank\" rel=\"noopener\"><strong>PORTARIA 001-2021 Editora CLAEC (Exonera Editor Cadernos de Pesquisa CLAEC)<\/strong><\/a><\/p>\n<p><a href=\"https:\/\/claec.org\/editora\/wp-content\/uploads\/sites\/3\/2021\/03\/Portaria-no-002-2021-Nomeia-Editores-Assistentes-da-Editora-CLAEC.pdf\" target=\"_blank\" rel=\"noopener\"><strong>PORTARIA 002-2021 Editora CLAEC (Nomea\u00e7\u00e3o de Editores-Assistentes)<\/strong><\/a><\/p>\n<p><a href=\"https:\/\/claec.org\/editora\/wp-content\/uploads\/sites\/3\/2021\/03\/Portaria-no-003-2021-Exonera-Editor-Assistente-da-Editora-CLAEC.pdf\"><strong>PORTARIA 003-2021 Editora CLAEC (Exonera Editora-Assistente)<\/strong><\/a><\/p>\n<p><a href=\"https:\/\/claec.org\/editora\/wp-content\/uploads\/sites\/3\/2021\/04\/Portaria-no-004-2021-Exonera-Editor-Assistente-da-Editora-CLAEC.pdf\"><strong>PORTARIA 004-2021 Editora CLAEC (Exonera Editor-Assistente)<\/strong><\/a><\/p>\n<p><strong><a href=\"https:\/\/claec.org\/editora\/wp-content\/uploads\/sites\/3\/2021\/05\/Portaria-no-005-2021-Nomeia-Editores-Assistentes-da-Editora-CLAEC.pdf\">PORTARIA 005-2021 Editora CLAEC (Nomea\u00e7\u00e3o de Editores-Assistente)<\/a><\/strong><\/p>\n<p><a href=\"https:\/\/claec.org\/editora\/wp-content\/uploads\/sites\/3\/2021\/10\/Portaria-no-006-2021-Nomeia-Editores-Assistentes-da-Editora-CLAEC.pdf\"><strong>PORTARIA 006-2021 Editora CLAEC (Nomea\u00e7\u00e3o de Editor-Assistente)<\/strong><\/a><\/p>\n<p><a href=\"https:\/\/claec.org\/editora\/wp-content\/uploads\/sites\/3\/2021\/10\/Portaria-no-007-2021-Exonera-Editor-Assistente-da-Editora-CLAEC.pdf\"><strong>PORTARIA 007-2021 Editora CLAEC (Exonera Editores-Assistentes)<\/strong><\/a><\/p>\n<p><a href=\"https:\/\/claec.org\/editora\/wp-content\/uploads\/sites\/3\/2022\/03\/Portaria-no-001-2022-Exonera-e-nomeia-Editor-Assistente-da-Editora-CLAEC.pdf\"><strong>PORTARIA 001-2022 Editora CLAEC (Exonera e nomeia de Editor-Assistente)<\/strong><\/a><\/p>\n<p><a href=\"https:\/\/claec.org\/editora\/wp-content\/uploads\/sites\/3\/2023\/02\/Portaria-no-01-2023-Exonera-Editor-Assistente-da-Editora-CLAEC.pdf\"><strong>PORTARIA 01-2023 Editora CLAEC (Exonera Editores-Assistentes)<\/strong><\/a><\/p>\n<p><a href=\"https:\/\/claec.org\/editora\/wp-content\/uploads\/sites\/3\/2023\/06\/Portaria-no-02-2023-Nomeia-Editora-Chefe-Adjunta-da-RELACult.pdf\"><strong>PORTARIA 02-2023 Editora CLAEC (Nomeia Editora-Chefe Adjunta da RELACult)<\/strong><\/a><\/p>\n<p><a href=\"https:\/\/claec.org\/editora\/wp-content\/uploads\/sites\/3\/2023\/06\/Portaria-no-03-2023-Nomeia-Editor-Assistente-da-Editora-CLAEC.pdf\"><strong>PORTARIA 03-2023 Editora CLAEC (Nomeia Editores-Assistentes da RELACult)<\/strong><\/a><\/p>\n<p><a href=\"https:\/\/claec.org\/editora\/wp-content\/uploads\/sites\/3\/2025\/09\/Portaria-no-01-2025-Nomeia-Editora-Chefe-Adjunta-da-RELACult.pdf\"><strong>PORTARIA 01-2025 Editora CLAEC (Nomeia Editora-Chefe Adjunta da RELACult)<\/strong><\/a><\/p>\n<p><a href=\"https:\/\/claec.org\/editora\/wp-content\/uploads\/sites\/3\/2025\/09\/Portaria-no-02-2025-Nomeia-Editora-Executiva-da-Editora-CLAEC.pdf\"><strong>PORTARIA 02-2025 Editora CLAEC (Nomeia Editora-Executiva da Editora CLAEC)<\/strong><\/a><\/p>\n<hr \/>\n<p><strong>Prefixo Editorial ISBN: <\/strong>93548 e\u00a086746<\/p>\n<p><strong>Prefixo DOI: <\/strong>10.23899<\/p>\n<p><strong>Raz\u00e3o Social:<\/strong> Centro Latino-Americano de Estudos em Cultura \u2013 CLAEC<\/p>\n<p><strong>CNPJ:<\/strong> 13.448.301\/0001-24<\/p>\n<p><strong>Sede:<\/strong> Rua Vila Velha, 63, Vila C, Foz do Igua\u00e7u, Paran\u00e1, Brasil. CEP: 85870-050.<\/p>\n<p><strong>E-mail<\/strong>: editora@claec.org<\/p>\n","protected":false},"excerpt":{"rendered":"<p>A Editora CLAEC (Prefixo Editorial ISBN: 93548 e 86746 e Prefixo DOI: 10.23899)\u00a0\u00e9 respons\u00e1vel pelo recebimento e encaminhamento para editora\u00e7\u00e3o eletr\u00f4nica, produ\u00e7\u00e3o impressa ou digital e disponibiliza\u00e7\u00e3o e divulga\u00e7\u00e3o de livros acad\u00eamicos e art\u00edsticos do Centro Latino-Americano de Estudos em Cultura \u2013 CLAEC e de seus parceiros. Foco e Escopo O objetivo central do CLAEC [&hellip;]<\/p>\n","protected":false},"author":1,"featured_media":0,"parent":0,"menu_order":0,"comment_status":"closed","ping_status":"closed","template":"page-fullwidth.php","meta":{"_monsterinsights_skip_tracking":false,"_monsterinsights_sitenote_active":false,"_monsterinsights_sitenote_note":"","_monsterinsights_sitenote_category":0,"footnotes":""},"class_list":["post-8","page","type-page","status-publish","hentry"],"_links":{"self":[{"href":"https:\/\/claec.org\/editora\/wp-json\/wp\/v2\/pages\/8","targetHints":{"allow":["GET"]}}],"collection":[{"href":"https:\/\/claec.org\/editora\/wp-json\/wp\/v2\/pages"}],"about":[{"href":"https:\/\/claec.org\/editora\/wp-json\/wp\/v2\/types\/page"}],"author":[{"embeddable":true,"href":"https:\/\/claec.org\/editora\/wp-json\/wp\/v2\/users\/1"}],"replies":[{"embeddable":true,"href":"https:\/\/claec.org\/editora\/wp-json\/wp\/v2\/comments?post=8"}],"version-history":[{"count":31,"href":"https:\/\/claec.org\/editora\/wp-json\/wp\/v2\/pages\/8\/revisions"}],"predecessor-version":[{"id":1525,"href":"https:\/\/claec.org\/editora\/wp-json\/wp\/v2\/pages\/8\/revisions\/1525"}],"wp:attachment":[{"href":"https:\/\/claec.org\/editora\/wp-json\/wp\/v2\/media?parent=8"}],"curies":[{"name":"wp","href":"https:\/\/api.w.org\/{rel}","templated":true}]}}