{"id":32,"date":"2016-06-27T00:39:03","date_gmt":"2016-06-27T03:39:03","guid":{"rendered":"http:\/\/claec.org\/editora\/?page_id=32"},"modified":"2021-03-31T14:29:29","modified_gmt":"2021-03-31T17:29:29","slug":"como-publicar","status":"publish","type":"page","link":"https:\/\/claec.org\/editora\/servicos\/como-publicar\/","title":{"rendered":"Como Publicar"},"content":{"rendered":"<p style=\"text-align: center\"><strong>NORMAS PARA SUBMISS\u00c3O DE ORIGINAIS E PUBLICA\u00c7\u00c3O DE LIVROS<\/strong><\/p>\n<p style=\"text-align: justify\"><strong>I. APRESENTA\u00c7\u00c3O<\/strong><\/p>\n<p style=\"text-align: justify\">A Editora do Centro Latino-Americano de Estudos em Cultura (Editora CLAEC)\u00a0recebe em regime de fluxo cont\u00ednuo propostas para publica\u00e7\u00e3o de originais em livros digitais.<\/p>\n<p style=\"text-align: justify\"><strong>II. MODALIDADES DE PUBLICA\u00c7\u00c3O<\/strong><\/p>\n<p style=\"text-align: justify\">Ser\u00e3o realizadas publica\u00e7\u00f5es de livros de car\u00e1ter cient\u00edfico, t\u00e9cnico e art\u00edstico, em meio digital, na seguinte modalidade: Selo Editora CLAEC.<\/p>\n<p style=\"text-align: justify\">Caber\u00e1 aos autores\/organizadores indicar a modalidade e a\u00a0\u00e1rea\u00a0de publica\u00e7\u00e3o, mas caber\u00e1 ao Conselho Editorial, a decis\u00e3o final sobre a \u00e1rea e modalidade em que o livro, se aprovado, ser\u00e1 inclu\u00eddo e publicado.<\/p>\n<p style=\"text-align: justify\"><strong>1 &#8211;\u00a0Selo Editora CLAEC<\/strong><\/p>\n<p style=\"text-align: justify\"><em>Objetivo<\/em>: Publicar digitalmente livros t\u00e9cnicos, cient\u00edficos e art\u00edsticos de destacada relev\u00e2ncia, para contribuir com o fortalecimento da p\u00f3s-gradua\u00e7\u00e3o, das pesquisas e dos estudos produzidos no \u00e2mbito do CLAEC, bem como, por consequ\u00eancia, para a eleva\u00e7\u00e3o da qualidade editorial da Editora CLAEC. Esta modalidade compreende as seguintes \u00e1reas do conhecimento:\u00a0<em>Ci\u00eancias Humanas<\/em>,\u00a0<em>Ci\u00eancias Sociais Aplicadas e<\/em>\u00a0<em>Lingu\u00edstica, Letras e Artes<\/em>.<\/p>\n<p style=\"text-align: justify\"><em>Aprecia\u00e7\u00e3o<\/em>: As propostas s\u00e3o analisadas em sua viabilidade t\u00e9cnica e em seu m\u00e9rito pelo Conselho Editorial da Editora CLAEC, formado por especialistas das diversas \u00e1reas de conhecimento, de diferentes universidades e institui\u00e7\u00f5es cient\u00edficas do Brasil e do exterior.<\/p>\n<p style=\"text-align: justify\"><em>Financiamento<\/em>: Recursos da Editora CLAEC\u00a0e do pr\u00f3prio autor\/organizador, podendo tamb\u00e9m haver possibilidade de parceria com outra institui\u00e7\u00e3o\/modalidade de fomento.<\/p>\n<p style=\"text-align: justify\"><em>Disponibiliza\u00e7\u00e3o digital<\/em>: A cargo da Editora CLAEC, com participa\u00e7\u00e3o dos autores\/organizadores. Os livros ser\u00e3o disponibilizados inicialmente no Cat\u00e1logo da Editora CLAEC.\u00a0H\u00e1 a possibilidade de disponibiliza\u00e7\u00e3o em outros\u00a0<em>sites<\/em>\u00a0e bases de dados, gratuitas e\/ou pagas, conforme interesse da Editora e do autor\/organizador e mediante autoriza\u00e7\u00e3o da Editora CLAEC.<\/p>\n<p><b><span data-contrast=\"none\">2 \u2013 Selo CLAEC e-Books<\/span><\/b><span data-ccp-props=\"{&quot;201341983&quot;:0,&quot;335559739&quot;:160,&quot;335559740&quot;:259}\">\u00a0<\/span><\/p>\n<p><i><span data-contrast=\"none\">Objetivo<\/span><\/i><span data-contrast=\"none\">:\u00a0<\/span><span data-contrast=\"none\">Selecionar, editorar e publicar obras organizadas por pesquisadores experientes ou iniciantes, por meio de editais de sele\u00e7\u00e3o de artigos.\u00a0<\/span><span data-contrast=\"none\">Esta modalidade compreende publica\u00e7\u00f5es das seguintes grandes \u00e1reas do conhecimento: Ci\u00eancias Humanas, Ci\u00eancias Sociais Aplicadas e Lingu\u00edstica, Letras e Artes. Por meio da publica\u00e7\u00e3o de e-books, o selo prop\u00f5e agregar, divulgar e promover maior acessibilidade e visibilidade a produ\u00e7\u00f5es acad\u00eamicas e culturais, publicadas de forma digital e em acesso aberto<\/span><span data-contrast=\"none\">\u00a0com\u00a0<\/span><span data-contrast=\"none\">excel\u00eancia cient\u00edfica.<\/span><span data-ccp-props=\"{&quot;134233117&quot;:true,&quot;134233118&quot;:true,&quot;201341983&quot;:0,&quot;335551550&quot;:6,&quot;335551620&quot;:6,&quot;335559739&quot;:240,&quot;335559740&quot;:240}\">\u00a0<\/span><\/p>\n<p><i><span data-contrast=\"none\">Aprecia\u00e7\u00e3o<\/span><\/i><span data-contrast=\"none\">: As propostas s\u00e3o analisadas em sua viabilidade t\u00e9cnica e em seu m\u00e9rito pelo organizador da obra e pelo Comit\u00ea Editorial da Editora CLAEC<\/span><span data-contrast=\"none\">.<\/span><span data-ccp-props=\"{&quot;134233117&quot;:true,&quot;134233118&quot;:true,&quot;201341983&quot;:0,&quot;335551550&quot;:6,&quot;335551620&quot;:6,&quot;335559739&quot;:240,&quot;335559740&quot;:240}\">\u00a0<\/span><\/p>\n<p><i><span data-contrast=\"none\">Financiamento<\/span><\/i><span data-contrast=\"none\">: Recursos\u00a0<\/span><span data-contrast=\"none\">do pr\u00f3prio autor<\/span><span data-contrast=\"none\">.<\/span><span data-ccp-props=\"{&quot;134233117&quot;:true,&quot;134233118&quot;:true,&quot;201341983&quot;:0,&quot;335551550&quot;:6,&quot;335551620&quot;:6,&quot;335559739&quot;:240,&quot;335559740&quot;:240}\">\u00a0<\/span><\/p>\n<p><i><span data-contrast=\"none\">Disponibiliza\u00e7\u00e3o digital<\/span><\/i><span data-contrast=\"none\">: A cargo da Editora CLAEC, com participa\u00e7\u00e3o dos autores\/organizadores. Os livros ser\u00e3o disponibilizados inicialmente no Cat\u00e1logo da Editora CLAEC.\u202fH\u00e1 a possibilidade de disponibiliza\u00e7\u00e3o em outros\u202f<\/span><i><span data-contrast=\"none\">sites<\/span><\/i><span data-contrast=\"none\">\u202fe bases de dados, gratuitas e\/ou pagas, conforme interesse da Editora e do autor\/organizador e mediante autoriza\u00e7\u00e3o da Editora CLAEC.<\/span><span data-ccp-props=\"{&quot;134233117&quot;:true,&quot;134233118&quot;:true,&quot;201341983&quot;:0,&quot;335551550&quot;:6,&quot;335551620&quot;:6,&quot;335559739&quot;:240,&quot;335559740&quot;:240}\">\u00a0<\/span><\/p>\n<p><b><span data-contrast=\"none\">3<\/span><\/b><b><span data-contrast=\"none\">\u00a0\u2013 Selo\u00a0<\/span><\/b><b><span data-contrast=\"none\">ArtesLatinas<\/span><\/b><span data-ccp-props=\"{&quot;134233117&quot;:true,&quot;134233118&quot;:true,&quot;201341983&quot;:0,&quot;335551550&quot;:6,&quot;335551620&quot;:6,&quot;335559739&quot;:240,&quot;335559740&quot;:240}\">\u00a0<\/span><\/p>\n<p><i><span data-contrast=\"auto\">Objetivo:\u00a0<\/span><\/i><span data-contrast=\"auto\">Publicar\u00a0<\/span><span data-contrast=\"auto\">obras de car\u00e1ter art\u00edstico e liter\u00e1rio<\/span><span data-contrast=\"auto\">, oferecendo oportunidade de publica\u00e7\u00e3o a artistas iniciantes e experientes. Considera a produ\u00e7\u00e3o latino-americana, as manifesta\u00e7\u00f5es culturais e express\u00f5es identit\u00e1rias, em especial, obras voltadas ao p\u00fablico infantil e juvenil.<\/span><span data-ccp-props=\"{&quot;201341983&quot;:0,&quot;335551550&quot;:6,&quot;335551620&quot;:6,&quot;335559739&quot;:160,&quot;335559740&quot;:259}\">\u00a0<\/span><\/p>\n<p><i><span data-contrast=\"none\">Aprecia\u00e7\u00e3o<\/span><\/i><span data-contrast=\"none\">: As propostas s\u00e3o analisadas em sua viabilidade t\u00e9cnica e em seu m\u00e9rito pelo Conselho Editorial da Editora CLAEC, formado por especialistas das diversas \u00e1reas de conhecimento, de diferentes universidades e institui\u00e7\u00f5es cient\u00edficas do Brasil e do exterior.<\/span><span data-ccp-props=\"{&quot;134233117&quot;:true,&quot;134233118&quot;:true,&quot;201341983&quot;:0,&quot;335551550&quot;:6,&quot;335551620&quot;:6,&quot;335559739&quot;:240,&quot;335559740&quot;:240}\">\u00a0<\/span><\/p>\n<p><i><span data-contrast=\"none\">Financiamento<\/span><\/i><span data-contrast=\"none\">: Recursos da Editora CLAEC\u202fe do pr\u00f3prio autor\/organizador, podendo tamb\u00e9m haver possibilidade de parceria com outra institui\u00e7\u00e3o\/modalidade de fomento.<\/span><span data-ccp-props=\"{&quot;134233117&quot;:true,&quot;134233118&quot;:true,&quot;201341983&quot;:0,&quot;335551550&quot;:6,&quot;335551620&quot;:6,&quot;335559739&quot;:240,&quot;335559740&quot;:240}\">\u00a0<\/span><\/p>\n<p><i><span data-contrast=\"none\">Disponibiliza\u00e7\u00e3o digital<\/span><\/i><span data-contrast=\"none\">: A cargo da Editora CLAEC, com participa\u00e7\u00e3o dos autores\/organizadores. Os livros ser\u00e3o disponibilizados inicialmente no Cat\u00e1logo da Editora CLAEC.\u202fH\u00e1 a possibilidade de disponibiliza\u00e7\u00e3o em outros\u202f<\/span><i><span data-contrast=\"none\">sites<\/span><\/i><span data-contrast=\"none\">\u202fe bases de dados, gratuitas e\/ou pagas, conforme interesse da Editora e do autor\/organizador e mediante autoriza\u00e7\u00e3o da Editora CLAEC.<\/span><span data-ccp-props=\"{&quot;134233117&quot;:true,&quot;134233118&quot;:true,&quot;201341983&quot;:0,&quot;335551550&quot;:6,&quot;335551620&quot;:6,&quot;335559739&quot;:240,&quot;335559740&quot;:240}\">\u00a0<\/span><\/p>\n<p style=\"text-align: justify\"><strong>III. NORMAS PARA APRESENTA\u00c7\u00c3O DE ORIGINAIS &#8211; SELO EDITORA CLAEC E SELO ARTESLATINAS (PARA CLAEC E-BOOKS <a href=\"https:\/\/claec.org\/editora\/?page_id=408\">CLIQUE AQUI<\/a>)<\/strong><\/p>\n<p style=\"text-align: justify\"><strong>1 &#8211;<\/strong>\u00a0Ao apresentar o original, o autor\/organizador dever\u00e1 entregar pelo e-mail da Editora CLAEC (editora@claec.org) o formul\u00e1rio constante no Anexo I preenchido e assinado, informando seus dados e os dados do original. Se preferir, pode redigir um of\u00edcio (direcionado ao Conselho Editorial) em que informe os mesmos dados solicitados no formul\u00e1rio.<\/p>\n<p style=\"text-align: justify\"><strong>2 &#8211;<\/strong>\u00a0Os autores\/organizadores dever\u00e3o ser os leg\u00edtimos detentores dos direitos autorais do original submetido \u00e0\u00a0Editora CLAEC.<\/p>\n<p style=\"text-align: justify\"><b>3<\/b> &#8211;\u00a0A obra, em sua integralidade, deve ser in\u00e9dita.<\/p>\n<p style=\"text-align: justify\"><em>Par\u00e1grafo \u00fanico<\/em> &#8211; S\u00e3o pass\u00edveis de an\u00e1lise pedidos de republica\u00e7\u00e3o de obras esgotadas, de dif\u00edcil acesso e raras.<\/p>\n<p style=\"text-align: justify\"><b>4<\/b> &#8211; Quando da apresenta\u00e7\u00e3o dos originais, os autores\/organizadores dever\u00e3o entregar \u00e0 Editora CLAEC, os Termos de Cess\u00e3o de Direitos Autorais (vias originais e assinadas) referentes a todas as obras e partes de obras de terceiros (fotos, ilustra\u00e7\u00f5es, obras liter\u00e1rias, artigos que componham uma obra organizada etc.) porventura utilizadas na composi\u00e7\u00e3o do original.<\/p>\n<p style=\"text-align: justify\"><em>Par\u00e1grafo \u00danico &#8211;\u00a0<\/em>Nesses Termos, os leg\u00edtimos detentores dos direitos autorais devem autorizar, na forma de cess\u00e3o gratuita: (a) que os autores\/organizadores utilizem tais obras ou partes de obras na composi\u00e7\u00e3o do livro apresentado \u00e0 Editora CLAEC\u00a0e (b) que a Editora CLAEC\u00a0utilize tais obras ou partes de obras nas edi\u00e7\u00f5es impressas e digitais do livro dos autores\/organizadores, a ser publicado, distribu\u00eddo, comercializado e disponibilizado pela Editora CLAEC, caso aprovado, nada havendo os leg\u00edtimos detentores dos direitos autorais a requerer ou a receber a esse t\u00edtulo.<\/p>\n<p style=\"text-align: justify\">Os modelos de Termos de Cess\u00e3o de Direitos Autorais para texto e para imagem encontram-se, respectivamente, nos Anexos II e III.<\/p>\n<p style=\"text-align: justify\">Tais exig\u00eancias se fazem em cumprimento \u00e0 legisla\u00e7\u00e3o sobre direitos autorais vigente no Brasil, Lei n\u00ba 9.610, de 19 de fevereiro de 1998.<\/p>\n<p style=\"text-align: justify\"><strong>5 &#8211;<\/strong> Deve ser entregue uma\u00a0via do original\u00a0em arquivo\u00a0<em>digital<\/em>,\u00a0gravado em processador de texto Word formato DOC ou DOCX, sem qualquer identifica\u00e7\u00e3o de autoria, inclusive os paratextos, sendo que os dados dos autores\/organizadores devem ser informados diretamente na ficha do anexo.<\/p>\n<p style=\"text-align: justify\"><strong>6 &#8211;<\/strong>\u00a0Os originais devem ser apresentados com a seguinte formata\u00e7\u00e3o:<\/p>\n<p style=\"text-align: justify\">\u2022 Margens de 2,5 cm nas bordas superior, inferior e laterais do papel A4;<\/p>\n<p style=\"text-align: justify\">\u2022 Fonte Times New Roman, tamanho 12 no corpo do texto; tamanho 10 nas cita\u00e7\u00f5es com mais de tr\u00eas linhas; tamanho 10 nas notas de rodap\u00e9;<\/p>\n<p style=\"text-align: justify\">\u2022 Espa\u00e7amento entre linhas de 1,5 no corpo do texto e espa\u00e7amento simples nas cita\u00e7\u00f5es com mais de tr\u00eas linhas e nas notas de rodap\u00e9;<\/p>\n<p style=\"text-align: justify\">\u2022 Alinhamento justificado pelas margens direita e esquerda no corpo do texto;<\/p>\n<p style=\"text-align: justify\">\u2022 As cita\u00e7\u00f5es com mais de tr\u00eas linhas devem aparecer em par\u00e1grafo destacado do corpo do texto e iniciado a 4 cm a partir da margem esquerda;<\/p>\n<p style=\"text-align: justify\">\u2022 Gr\u00e1ficos e tabelas dever\u00e3o ser constru\u00eddos no Word ou assemelhado;<\/p>\n<p style=\"text-align: justify\">\u2022 As imagens devem constar no arquivo de texto, em formato JPG, TIF ou EPS e em resolu\u00e7\u00e3o m\u00ednima de 300 dpi.<\/p>\n<p style=\"text-align: justify\"><strong>6.1 &#8211;\u00a0<\/strong>Os originais devem ser apresentados \u00e0 Editora CLAEC\u00a0de forma completa e definitiva, dentro da seguinte estrutura:<\/p>\n<ul>\n<li>\u00a0 \u00a0 p\u00e1ginas pr\u00e9-textuais<\/li>\n<li>\u00a0\u00a0 \u00a0folha de rosto (nome do autor e\/ou organizador, nome da obra, local)<\/li>\n<li>\u00a0\u00a0 \u00a0dedicat\u00f3ria (opcional)<\/li>\n<li>\u00a0\u00a0 \u00a0agradecimentos (opcional)<\/li>\n<li>\u00a0\u00a0 \u00a0ep\u00edgrafe (opcional)<\/li>\n<li>\u00a0\u00a0 \u00a0listas (se necess\u00e1rio)<\/li>\n<li>\u00a0\u00a0 \u00a0sum\u00e1rio<\/li>\n<li>\u00a0\u00a0 \u00a0apresenta\u00e7\u00e3o (pelo pr\u00f3prio autor) e\/ou pref\u00e1cio (por algu\u00e9m convidado)<\/li>\n<li>\u00a0 \u00a0 textuais (texto, elementos de apoio e localiza\u00e7\u00e3o)<\/li>\n<li>\u00a0 \u00a0 p\u00f3s-textuais (posf\u00e1cio, refer\u00eancias, gloss\u00e1rio, ap\u00eandices, anexos, \u00edndice)<\/li>\n<li>\u00a0 \u00a0 paratextos (textos de capa \u2013 orelhas e texto de quarta capa, conforme a cole\u00e7\u00e3o em que o livro ser\u00e1 publicado\u00a0&#8211; e minicurr\u00edculos dos autores\/organizadores).<\/li>\n<li>Fotos dos autores (com resolu\u00e7\u00e3o de 300 dpi), opcional, por\u00e9m desej\u00e1vel.<\/li>\n<\/ul>\n<p>Caso haja alguma sugest\u00e3o de imagem para a capa, esta deve ser informada \u00e0 Editora CLAEC\u00a0e entregue junto aos originais.<\/p>\n<p style=\"text-align: justify\"><strong>7 &#8211;<\/strong>\u00a0Os originais devem ser apresentados j\u00e1 em texto dentro do padr\u00e3o da norma culta do Portugu\u00eas (ou da l\u00edngua em que esteja escrito), com as cita\u00e7\u00f5es e refer\u00eancias bibliogr\u00e1ficas de acordo com a normaliza\u00e7\u00e3o da ABNT (NBR 10520 e NBR 6023).<\/p>\n<p style=\"text-align: justify\">Deve-se utilizar o sistema autor-data para indicar a fonte\/refer\u00eancia das\u00a0cita\u00e7\u00f5es no texto. Por conseguinte, as notas de rodap\u00e9 devem ser exclusivamente notas explicativas. N\u00e3o devem ser utilizadas notas de fim.<\/p>\n<p style=\"text-align: justify\"><strong>8 &#8211;<\/strong>\u00a0Os resultados de pesquisas (monografias, disserta\u00e7\u00f5es ou teses) devem ser apresentados j\u00e1 em texto cuja forma seja compat\u00edvel com o formato livro, eliminando-se caracter\u00edsticas estruturais ou outras marcas inerentes \u00e0s pesquisas acad\u00eamicas e consideradas dispens\u00e1veis e\/ou indevidas em um livro, tais como: resumo,\u00a0<em>abstract\u00a0<\/em><em>e variantes;<\/em>\u00a0longos agradecimentos; excessiva subdivis\u00e3o em se\u00e7\u00f5es e subse\u00e7\u00f5es (numera\u00e7\u00e3o progressiva); repeti\u00e7\u00e3o de conceitos; reprodu\u00e7\u00e3o da metodologia; cita\u00e7\u00f5es em demasia; uso de remissivas no corpo do texto (ver cap\u00edtulo tal, etc.); reda\u00e7\u00e3o excessivamente personalizada pelo uso do pronome pessoal (seja na primeira pessoa do singular ou no plural majest\u00e1tico); entre outras.<\/p>\n<p style=\"text-align: justify\"><strong>9 &#8211;<\/strong>\u00a0Caso o original apresentado n\u00e3o atenda a todos os itens anteriores, n\u00e3o ser\u00e1 encaminhado para avalia\u00e7\u00e3o e ser\u00e1 devolvido ao autor\/organizador.<\/p>\n<p style=\"text-align: justify\"><strong>IV. SELE\u00c7\u00c3O DE ORIGINAIS<\/strong><\/p>\n<p style=\"text-align: justify\"><strong>1 &#8211;<\/strong>\u00a0Os originais s\u00e3o avaliados em sua viabilidade t\u00e9cnica pelo Conselho Editorial ou enviados a pareceristas Ah Hoc, de acordo com a \u00e1rea de conhecimento da obra (Ci\u00eancias Humanas, Ci\u00eancias Sociais Aplicadas e Lingu\u00edstica, Letras e Artes). O Conselho Editorial pode nomear pareceristas\u00a0<em>ad hoc<\/em>\u00a0sempre que necess\u00e1rio.<\/p>\n<p style=\"text-align: justify\">Cada original de obra ser\u00e1 submetido a dois pareceristas.<\/p>\n<p style=\"text-align: justify\"><strong>2 &#8211;<\/strong>\u00a0Com a emiss\u00e3o dos pareceres, a obra pode ser:<\/p>\n<p style=\"text-align: justify\">\u2022\u00a0<em>Aprovada<\/em>;<\/p>\n<p style=\"text-align: justify\">\u2022\u00a0<em>Recomendada com sugest\u00f5es ou restri\u00e7\u00f5es<\/em>\u00a0(h\u00e1 necessidade de retorno ao Conselho Editorial ou parecerista, que verificar\u00e1 se as altera\u00e7\u00f5es solicitadas foram corrigidas de acordo com o parecer; caso n\u00e3o sejam, a obra n\u00e3o \u00e9 recomendada para publica\u00e7\u00e3o);<\/p>\n<p style=\"text-align: justify\">\u2022\u00a0<em>N\u00e3o recomendada<\/em>.<\/p>\n<p style=\"text-align: justify\">Os pareceres passam pela aprova\u00e7\u00e3o final do Conselho Editorial.<\/p>\n<p style=\"text-align: justify\"><strong>V. PROCESSOS E PRAZOS DE APROVA\u00c7\u00c3O E PRODU\u00c7\u00c3O<\/strong><\/p>\n<p style=\"text-align: justify\">Leitura, avalia\u00e7\u00e3o e emiss\u00e3o dos pareceres: at\u00e9 03 (tr\u00eas) meses.<\/p>\n<p style=\"text-align: justify\">Retorno da obra pelo autor\/organizador ao Conselho Editorial para cumprimento do parecer (caso a obra seja\u00a0<em>aprovada com sugest\u00f5es<\/em>\u00a0ou\u00a0<em>recomendada com restri\u00e7\u00f5es<\/em>): at\u00e9 01 (um) m\u00eas.<\/p>\n<p style=\"text-align: justify\">Revis\u00e3o de texto: at\u00e9 02 (dois) meses.<\/p>\n<p style=\"text-align: justify\">Retorno do original ao autor\/organizador para \u00faltima corre\u00e7\u00e3o: at\u00e9 20 (vinte) dias (n\u00e3o sendo cumprido, a obra aguardar\u00e1 momento oportuno para reingressar no fluxo de produ\u00e7\u00e3o).<\/p>\n<p style=\"text-align: justify\">Projeto gr\u00e1fico: at\u00e9 15 (quinze) dias.<\/p>\n<p style=\"text-align: justify\">Revis\u00e3o final pelo autor\/organizador: at\u00e9 10 (dez) dias (n\u00e3o sendo cumprido, a obra ter\u00e1 que aguardar momento oportuno para novamente ingressar no fluxo de produ\u00e7\u00e3o).<\/p>\n<p style=\"text-align: justify\">Requisi\u00e7\u00e3o do ISBN e\/ou ISSN e da Ficha Catalogr\u00e1fica: at\u00e9 01 (um) m\u00eas.<\/p>\n<p style=\"text-align: justify\">Disponibiliza\u00e7\u00e3o no Reposit\u00f3rio Institucional e distribui\u00e7\u00e3o em outros meios de divulga\u00e7\u00e3o: at\u00e9 02 (dois) meses.<\/p>\n<p style=\"text-align: justify\">Prazo total para finaliza\u00e7\u00e3o: 10 (dez) meses.<\/p>\n<p style=\"text-align: justify\">O prazo poder\u00e1 ser menor a depender das caracter\u00edsticas da obra.<\/p>\n<p style=\"text-align: justify\"><strong>VI. PUBLICA\u00c7\u00c3O<\/strong><\/p>\n<p style=\"text-align: justify\"><strong>1 &#8211;<\/strong> As publica\u00e7\u00f5es dos Selos Editorais ser\u00e3o publicadas em formato digital. O formato digital poder\u00e1 ser disponibilizado gratuitamente, mediante autoriza\u00e7\u00e3o dos autores\/organizadores, no Cat\u00e1logo da Editora CLAEC.<\/p>\n<p style=\"text-align: justify\"><strong>2 &#8211;<\/strong>\u00a0Os direitos autorais dos livros publicados ser\u00e3o cedidos \u00e0 Editora CLAEC, a partir da publica\u00e7\u00e3o da primeira edi\u00e7\u00e3o da obra, em termos assinados pela Editora CLAEC\u00a0e pelos autores\/organizadores, bem como pelos detentores dos direitos autorais das obras ou partes de obras utilizadas na composi\u00e7\u00e3o do livro, na forma do item III.4 deste regulamento.<\/p>\n<p style=\"text-align: justify\">No caso das publica\u00e7\u00f5es digitais pagas, os autores\/organizadores receber\u00e3o remunera\u00e7\u00e3o com base nos livros efetivamente comercializados, conforme percentuais a serem indicados posteriormente no contrato de comercializa\u00e7\u00e3o.<\/p>\n<p style=\"text-align: justify\">No caso das publica\u00e7\u00f5es digitais, que ser\u00e3o disponibilizadas gratuitamente no Cat\u00e1logo da Editora CLAEC, os autores\/organizadores nada ter\u00e3o a requerer ou a receber da Editora CLAEC\u00a0a t\u00edtulo de pagamento pelos direitos autorais contratados.<\/p>\n<p style=\"text-align: justify\"><strong>VII &#8211; DISPOSI\u00c7\u00d5ES GERAIS<\/strong><\/p>\n<p style=\"text-align: justify\">A Editora se reserva o direito de propor a publica\u00e7\u00e3o de obras consideradas de interesse, ouvido o Conselho Editorial.<\/p>\n<p style=\"text-align: center\"><strong>ANEXOS:<\/strong><\/p>\n<p style=\"text-align: justify\"><a href=\"https:\/\/claec-my.sharepoint.com\/:w:\/g\/personal\/brunomarcelino_claec_org\/EV0RW99wxU1InJL3O5aS15sBfSZ2CQ8RewCFr_UAJRc72w?e=d4HxzK\" target=\"_blank\" rel=\"noopener\">ANEXO I &#8211; FICHA DE IDENTIFICA\u00c7\u00c3O<\/a><\/p>\n<p style=\"text-align: justify\"><a href=\"https:\/\/claec-my.sharepoint.com\/:w:\/g\/personal\/brunomarcelino_claec_org\/Ecs3oOLz4b9As1MXIzupJ2QBuEtJ9vTITTvLyg-jv_CVtg?e=e3BBss\" target=\"_blank\" rel=\"noopener\">ANEXO II &#8211; TERMO DE CESS\u00c3O DE DIREITOS AUTORAIS EM OBRA COLETIVA E ORGANIZADA<\/a><\/p>\n<p style=\"text-align: justify\"><a href=\"https:\/\/claec-my.sharepoint.com\/:w:\/g\/personal\/brunomarcelino_claec_org\/EXr1TZSivMVKjVQOEfP4_MQB2DwWyjVdAiq2Kp5hzz9olw?e=DSXmWY\" target=\"_blank\" rel=\"noopener\">ANEXO III &#8211; TERMO DE CESS\u00c3O DE IMAGEM<\/a><\/p>\n\n\n<p><\/p>\n","protected":false},"excerpt":{"rendered":"<p>NORMAS PARA SUBMISS\u00c3O DE ORIGINAIS E PUBLICA\u00c7\u00c3O DE LIVROS I. APRESENTA\u00c7\u00c3O A Editora do Centro Latino-Americano de Estudos em Cultura (Editora CLAEC)\u00a0recebe em regime de fluxo cont\u00ednuo propostas para publica\u00e7\u00e3o de originais em livros digitais. II. MODALIDADES DE PUBLICA\u00c7\u00c3O Ser\u00e3o realizadas publica\u00e7\u00f5es de livros de car\u00e1ter cient\u00edfico, t\u00e9cnico e art\u00edstico, em meio digital, na seguinte [&hellip;]<\/p>\n","protected":false},"author":1,"featured_media":0,"parent":30,"menu_order":0,"comment_status":"closed","ping_status":"closed","template":"page-fullwidth.php","meta":{"_monsterinsights_skip_tracking":false,"_monsterinsights_sitenote_active":false,"_monsterinsights_sitenote_note":"","_monsterinsights_sitenote_category":0,"footnotes":""},"class_list":["post-32","page","type-page","status-publish","hentry"],"_links":{"self":[{"href":"https:\/\/claec.org\/editora\/wp-json\/wp\/v2\/pages\/32","targetHints":{"allow":["GET"]}}],"collection":[{"href":"https:\/\/claec.org\/editora\/wp-json\/wp\/v2\/pages"}],"about":[{"href":"https:\/\/claec.org\/editora\/wp-json\/wp\/v2\/types\/page"}],"author":[{"embeddable":true,"href":"https:\/\/claec.org\/editora\/wp-json\/wp\/v2\/users\/1"}],"replies":[{"embeddable":true,"href":"https:\/\/claec.org\/editora\/wp-json\/wp\/v2\/comments?post=32"}],"version-history":[{"count":24,"href":"https:\/\/claec.org\/editora\/wp-json\/wp\/v2\/pages\/32\/revisions"}],"predecessor-version":[{"id":984,"href":"https:\/\/claec.org\/editora\/wp-json\/wp\/v2\/pages\/32\/revisions\/984"}],"up":[{"embeddable":true,"href":"https:\/\/claec.org\/editora\/wp-json\/wp\/v2\/pages\/30"}],"wp:attachment":[{"href":"https:\/\/claec.org\/editora\/wp-json\/wp\/v2\/media?parent=32"}],"curies":[{"name":"wp","href":"https:\/\/api.w.org\/{rel}","templated":true}]}}